{"id":6909,"date":"2019-12-18T14:27:57","date_gmt":"2019-12-18T13:27:57","guid":{"rendered":"https:\/\/niroflex.de\/impressum\/"},"modified":"2025-04-29T14:52:50","modified_gmt":"2025-04-29T12:52:50","slug":"impressum","status":"publish","type":"page","link":"https:\/\/niroflex.de\/es\/impressum\/","title":{"rendered":"Imprenta"},"content":{"rendered":"<div class=\"wpb-content-wrapper\">[vc_row thb_full_width=\u00bbtrue\u00bb parallax=\u00bbcontent-moving\u00bb thb_divider_position=\u00bbbottom\u00bb css=\u00bb.vc_custom_1556805173564{background-color: #000000 !important;background-position: center;background-repeat: no-repeat;background-size:contain !important;}\u00bb][vc_column][vc_empty_space height=\u00bb110px\u00bb][\/vc_column][\/vc_row][vc_row thb_divider_position=\u00bbbottom\u00bb][vc_column][vc_empty_space height=\u00bb80px\u00bb][vc_column_text css=\u00bb\u00bb]\n<div id=\"outerwrapper\">\n<div class=\"wrapper\">\n<div id=\"imainup\">\n<div class=\"row\">\n<h1 style=\"font-size: 2em;\">Imprenta<\/h1>\n<div class=\"span3_2\">\n<p>Friedrich M\u00fcnch GmbH + Co KG<br \/>\nIn den Wald\u00e4ckern 10<br \/>\nD-75417 M\u00fchlacker \/ Alemania<br \/>\nTel\u00e9fono: +49 7041 9544-0<br \/>\nFax: +49 7041 9544-55<\/p>\n<p>Friedrich M\u00fcnch GmbH + Co KG es una sociedad comanditaria con sede en M\u00fchlacker, Juzgado Local de Mannheim HRA 510 163<\/p>\n<p>El socio personalmente responsable es M\u00fcnch Verwaltungs-GmbH, con sede en M\u00fchlacker, Juzgado Local de Mannheim HRB 510 391 y el Sr. Thomas Zaphiris-M\u00fcnch<\/p>\n<p>El n\u00famero de identificaci\u00f3n fiscal es: DE144528292<\/p>\n<p>Director General: J\u00f6rg Sch\u00fcle<\/p>\n<p><strong>P\u00e1gina web<\/strong><br \/>\nConcepto, dise\u00f1o y realizaci\u00f3n<br \/>\nADDICTED CREATIVE SERVICES GmbH<br \/>\nProgramaci\u00f3n web<br \/>\nMilena Paralis | desarrolladora web aut\u00f3noma<\/p>\n<p>&nbsp;<\/p>\n<p><strong>Aviso sobre protecci\u00f3n de datos<\/strong><br \/>\nEste sitio web utiliza Google Analytics, un servicio de an\u00e1lisis web de Google Inc. (\u00abGoogle\u00bb) Google Analytics utiliza las denominadas \u00abcookies\u00bb, archivos de texto que se almacenan en su ordenador y que permiten analizar el uso que usted hace del sitio web.<\/p>\n<p>La informaci\u00f3n que genera la cookie acerca de su uso del website (incluyendo su direcci\u00f3n IP) ser\u00e1 directamente transmitida y archivada por Google en los servidores de Estados Unidos. Google usar\u00e1 esta informaci\u00f3n por cuenta nuestra con el prop\u00f3sito de seguir la pista de su uso del website, recopilando informes de la actividad del website y prestando otros servicios relacionados con la actividad del website y el uso de Internet. Google podr\u00e1 transmitir dicha informaci\u00f3n a terceros cuando as\u00ed se lo requiera la legislaci\u00f3n, o cuando dichos terceros procesen la informaci\u00f3n por cuenta de Google. Google no asociar\u00e1 su direcci\u00f3n IP con ning\u00fan otro dato.<\/p>\n<p>Puede Usted rechazar el tratamiento de los datos o la informaci\u00f3n rechazando el uso de cookies mediante la selecci\u00f3n de la configuraci\u00f3n apropiada de su navegador, sin embargo, debe Usted saber que si lo hace puede ser que no pueda usar la plena funcionabilidad de este website.<\/p>\n<p>Al utilizar este website Usted consiente el tratamiento de informaci\u00f3n acerca de Usted por Google en la forma y para los fines arriba indicados.<\/p>\n<p><strong>Descargo de responsabilidad<\/strong><br \/>\n<strong>1. Contenido de la oferta en l\u00ednea<\/strong><br \/>\nLa empresa Friedrich M\u00fcnch GmbH + Co KG no asume ninguna responsabilidad por la actualidad, exactitud, integridad o calidad de la informaci\u00f3n facilitada.<\/p>\n<p>Quedan excluidas fundamentalmente las reclamaciones de responsabilidad contra el autor relativas a da\u00f1os materiales o inmateriales causados por el uso o no uso de la informaci\u00f3n proporcionada o por el uso de informaci\u00f3n incorrecta o incompleta, a menos que existan pruebas de dolo o negligencia grave por parte del autor. Todas las ofertas son sin compromiso y no vinculantes.<\/p>\n<p>El autor se reserva expresamente el derecho a modificar, completar o eliminar partes de las p\u00e1ginas o la oferta completa sin previo aviso o a suspender la publicaci\u00f3n temporal o definitivamente.<\/p>\n<p><strong>2. referencias y enlaces<\/strong><br \/>\nEn el caso de referencias directas o indirectas a p\u00e1ginas web externas (\u00abenlaces\u00bb) que se encuentren fuera del \u00e1mbito de responsabilidad del autor, s\u00f3lo entrar\u00eda en vigor una obligaci\u00f3n de responsabilidad en el caso de que el autor tuviera conocimiento de los contenidos y le fuera t\u00e9cnicamente posible y razonable impedir el uso en caso de contenidos ilegales.<\/p>\n<p>Por la presente, el autor declara expresamente que en el momento de crear los enlaces no era reconocible ning\u00fan contenido ilegal en las p\u00e1ginas enlazadas. El autor no tiene influencia alguna sobre el dise\u00f1o actual y futuro, los contenidos o la autor\u00eda de las p\u00e1ginas enlazadas. Por ello, el autor se distancia expresamente de todos los contenidos de todas las p\u00e1ginas enlazadas que hayan sido modificados despu\u00e9s de la creaci\u00f3n del enlace. Esta declaraci\u00f3n se aplica a todos los enlaces y referencias establecidos dentro de la propia p\u00e1gina web del autor, as\u00ed como a las entradas de terceros en libros de visitas, foros de discusi\u00f3n y listas de correo creados por el autor.<\/p>\n<p>La responsabilidad por contenidos ilegales, incorrectos o incompletos y, en particular, por los da\u00f1os derivados del uso o no uso de dicha informaci\u00f3n recae exclusivamente en el proveedor de la p\u00e1gina a la que se hace referencia, no en la persona que simplemente remite a la publicaci\u00f3n respectiva a trav\u00e9s de enlaces.<\/p>\n<p><strong>3. protecci\u00f3n de datos<\/strong><br \/>\nSi se ofrece la posibilidad de introducir datos personales o comerciales (direcciones de correo electr\u00f3nico, nombres, direcciones), la introducci\u00f3n de estos datos se realiza de forma voluntaria.<\/p>\n<p>En la medida en que sea t\u00e9cnicamente posible y razonable, tambi\u00e9n se permite el uso y el pago de todos los servicios ofrecidos sin proporcionar dichos datos o proporcionando datos an\u00f3nimos o un seud\u00f3nimo.<\/p>\n<p><strong>4. validez legal de esta exenci\u00f3n de responsabilidad<\/strong><br \/>\nEsta exenci\u00f3n de responsabilidad debe considerarse parte de la publicaci\u00f3n en Internet desde la que se le ha remitido. Si algunas secciones o t\u00e9rminos individuales de esta declaraci\u00f3n no son legales o correctos, el contenido o la validez de las otras partes no se ver\u00e1n afectados por este hecho.<\/p>\n<\/div>\n<\/div>\n<\/div>\n<\/div>\n<\/div>\n[\/vc_column_text][\/vc_column][\/vc_row]\n<\/div>","protected":false},"excerpt":{"rendered":"<p>[vc_row thb_full_width=\u00bbtrue\u00bb parallax=\u00bbcontent-moving\u00bb thb_divider_position=\u00bbbottom\u00bb css=\u00bb.vc_custom_1556805173564{background-color: #000000 !important;background-position: center;background-repeat: no-repeat;background-size:contain !important;}\u00bb][vc_column][vc_empty_space height=\u00bb110px\u00bb][\/vc_column][\/vc_row][vc_row thb_divider_position=\u00bbbottom\u00bb][vc_column][vc_empty_space height=\u00bb80px\u00bb][vc_column_text css=\u00bb\u00bb] Imprenta Friedrich M\u00fcnch GmbH + Co KG In den Wald\u00e4ckern 10 D-75417 M\u00fchlacker \/ Alemania Tel\u00e9fono: +49 7041 9544-0 Fax: +49 7041 9544-55 Friedrich M\u00fcnch GmbH + Co KG es una sociedad comanditaria con sede en M\u00fchlacker, Juzgado Local de Mannheim&hellip;<\/p>\n","protected":false},"author":1,"featured_media":0,"parent":0,"menu_order":0,"comment_status":"closed","ping_status":"closed","template":"","meta":{"footnotes":""},"class_list":["post-6909","page","type-page","status-publish","hentry"],"yoast_head":"<!-- This site is optimized with the Yoast SEO Premium plugin v27.4 (Yoast SEO v27.4) - https:\/\/yoast.com\/product\/yoast-seo-premium-wordpress\/ -->\n<title>Imprenta | Niroflex, Friedrich M\u00fcnch GmbH<\/title>\n<meta name=\"description\" content=\"Imprenta : Niroflex | Schnittschutzhandschuhe &amp; Kettenhandschuh Niroflex, Friedrich M\u00fcnch GmbH\" \/>\n<meta name=\"robots\" content=\"index, follow, max-snippet:-1, max-image-preview:large, max-video-preview:-1\" \/>\n<link rel=\"canonical\" href=\"https:\/\/niroflex.de\/es\/impressum\/\" \/>\n<meta property=\"og:locale\" content=\"es_ES\" \/>\n<meta property=\"og:type\" content=\"article\" \/>\n<meta property=\"og:title\" content=\"Imprenta\" \/>\n<meta property=\"og:description\" content=\"Imprenta Friedrich M\u00fcnch GmbH + Co KG In den Wald\u00e4ckern 10 D-75417 M\u00fchlacker \/ Alemania Tel\u00e9fono: +49 7041 9544-0 Fax: +49 7041 9544-55 Friedrich M\u00fcnch\" \/>\n<meta property=\"og:url\" content=\"https:\/\/niroflex.de\/es\/impressum\/\" \/>\n<meta property=\"og:site_name\" content=\"Niroflex | Schnittschutzhandschuhe &amp; Kettenhandschuh\" \/>\n<meta property=\"article:publisher\" content=\"https:\/\/www.facebook.com\/people\/Friedrich-Mnch-GmbH-Co-KG\/100054195774984\/\" \/>\n<meta property=\"article:modified_time\" content=\"2025-04-29T12:52:50+00:00\" \/>\n<meta property=\"og:image\" content=\"https:\/\/niroflex.de\/wp-content\/uploads\/2019\/03\/Niroflex_Logo_2@.png\" \/>\n\t<meta property=\"og:image:width\" content=\"480\" \/>\n\t<meta property=\"og:image:height\" content=\"169\" \/>\n\t<meta property=\"og:image:type\" content=\"image\/png\" \/>\n<script type=\"application\/ld+json\" class=\"yoast-schema-graph\">{\"@context\":\"https:\\\/\\\/schema.org\",\"@graph\":[{\"@type\":\"WebPage\",\"@id\":\"https:\\\/\\\/niroflex.de\\\/es\\\/impressum\\\/\",\"url\":\"https:\\\/\\\/niroflex.de\\\/es\\\/impressum\\\/\",\"name\":\"Imprenta | Niroflex, Friedrich M\u00fcnch GmbH\",\"isPartOf\":{\"@id\":\"https:\\\/\\\/niroflex.de\\\/es\\\/#website\"},\"datePublished\":\"2019-12-18T13:27:57+00:00\",\"dateModified\":\"2025-04-29T12:52:50+00:00\",\"description\":\"Imprenta : Niroflex | Schnittschutzhandschuhe &amp; Kettenhandschuh Niroflex, Friedrich M\u00fcnch GmbH\",\"breadcrumb\":{\"@id\":\"https:\\\/\\\/niroflex.de\\\/es\\\/impressum\\\/#breadcrumb\"},\"inLanguage\":\"es\",\"potentialAction\":[{\"@type\":\"ReadAction\",\"target\":[\"https:\\\/\\\/niroflex.de\\\/es\\\/impressum\\\/\"]}]},{\"@type\":\"BreadcrumbList\",\"@id\":\"https:\\\/\\\/niroflex.de\\\/es\\\/impressum\\\/#breadcrumb\",\"itemListElement\":[{\"@type\":\"ListItem\",\"position\":1,\"name\":\"Startseite\",\"item\":\"https:\\\/\\\/niroflex.de\\\/es\\\/\"},{\"@type\":\"ListItem\",\"position\":2,\"name\":\"Imprenta\"}]},{\"@type\":\"WebSite\",\"@id\":\"https:\\\/\\\/niroflex.de\\\/es\\\/#website\",\"url\":\"https:\\\/\\\/niroflex.de\\\/es\\\/\",\"name\":\"Niroflex | Schnittschutzhandschuhe & Kettenhandschuh\",\"description\":\"\",\"publisher\":{\"@id\":\"https:\\\/\\\/niroflex.de\\\/es\\\/#organization\"},\"potentialAction\":[{\"@type\":\"SearchAction\",\"target\":{\"@type\":\"EntryPoint\",\"urlTemplate\":\"https:\\\/\\\/niroflex.de\\\/es\\\/?s={search_term_string}\"},\"query-input\":{\"@type\":\"PropertyValueSpecification\",\"valueRequired\":true,\"valueName\":\"search_term_string\"}}],\"inLanguage\":\"es\"},{\"@type\":\"Organization\",\"@id\":\"https:\\\/\\\/niroflex.de\\\/es\\\/#organization\",\"name\":\"Friedrich M\u00fcnch GmbH + Co KG\",\"url\":\"https:\\\/\\\/niroflex.de\\\/es\\\/\",\"logo\":{\"@type\":\"ImageObject\",\"inLanguage\":\"es\",\"@id\":\"https:\\\/\\\/niroflex.de\\\/es\\\/#\\\/schema\\\/logo\\\/image\\\/\",\"url\":\"https:\\\/\\\/niroflex.de\\\/wp-content\\\/uploads\\\/2019\\\/03\\\/Niroflex_Logo_2@.png\",\"contentUrl\":\"https:\\\/\\\/niroflex.de\\\/wp-content\\\/uploads\\\/2019\\\/03\\\/Niroflex_Logo_2@.png\",\"width\":480,\"height\":169,\"caption\":\"Friedrich M\u00fcnch GmbH + Co KG\"},\"image\":{\"@id\":\"https:\\\/\\\/niroflex.de\\\/es\\\/#\\\/schema\\\/logo\\\/image\\\/\"},\"sameAs\":[\"https:\\\/\\\/www.facebook.com\\\/people\\\/Friedrich-Mnch-GmbH-Co-KG\\\/100054195774984\\\/\"],\"email\":\"info@niroflex.de\",\"telephone\":\"+49 7041 9544-0\",\"legalName\":\"Friedrich M\u00fcnch GmbH + Co KG\"}]}<\/script>\n<!-- \/ Yoast SEO Premium plugin. -->","yoast_head_json":{"title":"Imprenta | Niroflex, Friedrich M\u00fcnch GmbH","description":"Imprenta : Niroflex | Schnittschutzhandschuhe &amp; Kettenhandschuh Niroflex, Friedrich M\u00fcnch GmbH","robots":{"index":"index","follow":"follow","max-snippet":"max-snippet:-1","max-image-preview":"max-image-preview:large","max-video-preview":"max-video-preview:-1"},"canonical":"https:\/\/niroflex.de\/es\/impressum\/","og_locale":"es_ES","og_type":"article","og_title":"Imprenta","og_description":"Imprenta Friedrich M\u00fcnch GmbH + Co KG In den Wald\u00e4ckern 10 D-75417 M\u00fchlacker \/ Alemania Tel\u00e9fono: +49 7041 9544-0 Fax: +49 7041 9544-55 Friedrich M\u00fcnch","og_url":"https:\/\/niroflex.de\/es\/impressum\/","og_site_name":"Niroflex | Schnittschutzhandschuhe &amp; Kettenhandschuh","article_publisher":"https:\/\/www.facebook.com\/people\/Friedrich-Mnch-GmbH-Co-KG\/100054195774984\/","article_modified_time":"2025-04-29T12:52:50+00:00","og_image":[{"width":480,"height":169,"url":"https:\/\/niroflex.de\/wp-content\/uploads\/2019\/03\/Niroflex_Logo_2@.png","type":"image\/png"}],"schema":{"@context":"https:\/\/schema.org","@graph":[{"@type":"WebPage","@id":"https:\/\/niroflex.de\/es\/impressum\/","url":"https:\/\/niroflex.de\/es\/impressum\/","name":"Imprenta | Niroflex, Friedrich M\u00fcnch GmbH","isPartOf":{"@id":"https:\/\/niroflex.de\/es\/#website"},"datePublished":"2019-12-18T13:27:57+00:00","dateModified":"2025-04-29T12:52:50+00:00","description":"Imprenta : Niroflex | Schnittschutzhandschuhe &amp; Kettenhandschuh Niroflex, Friedrich M\u00fcnch GmbH","breadcrumb":{"@id":"https:\/\/niroflex.de\/es\/impressum\/#breadcrumb"},"inLanguage":"es","potentialAction":[{"@type":"ReadAction","target":["https:\/\/niroflex.de\/es\/impressum\/"]}]},{"@type":"BreadcrumbList","@id":"https:\/\/niroflex.de\/es\/impressum\/#breadcrumb","itemListElement":[{"@type":"ListItem","position":1,"name":"Startseite","item":"https:\/\/niroflex.de\/es\/"},{"@type":"ListItem","position":2,"name":"Imprenta"}]},{"@type":"WebSite","@id":"https:\/\/niroflex.de\/es\/#website","url":"https:\/\/niroflex.de\/es\/","name":"Niroflex | Schnittschutzhandschuhe & Kettenhandschuh","description":"","publisher":{"@id":"https:\/\/niroflex.de\/es\/#organization"},"potentialAction":[{"@type":"SearchAction","target":{"@type":"EntryPoint","urlTemplate":"https:\/\/niroflex.de\/es\/?s={search_term_string}"},"query-input":{"@type":"PropertyValueSpecification","valueRequired":true,"valueName":"search_term_string"}}],"inLanguage":"es"},{"@type":"Organization","@id":"https:\/\/niroflex.de\/es\/#organization","name":"Friedrich M\u00fcnch GmbH + Co KG","url":"https:\/\/niroflex.de\/es\/","logo":{"@type":"ImageObject","inLanguage":"es","@id":"https:\/\/niroflex.de\/es\/#\/schema\/logo\/image\/","url":"https:\/\/niroflex.de\/wp-content\/uploads\/2019\/03\/Niroflex_Logo_2@.png","contentUrl":"https:\/\/niroflex.de\/wp-content\/uploads\/2019\/03\/Niroflex_Logo_2@.png","width":480,"height":169,"caption":"Friedrich M\u00fcnch GmbH + Co KG"},"image":{"@id":"https:\/\/niroflex.de\/es\/#\/schema\/logo\/image\/"},"sameAs":["https:\/\/www.facebook.com\/people\/Friedrich-Mnch-GmbH-Co-KG\/100054195774984\/"],"email":"info@niroflex.de","telephone":"+49 7041 9544-0","legalName":"Friedrich M\u00fcnch GmbH + Co KG"}]}},"_links":{"self":[{"href":"https:\/\/niroflex.de\/es\/wp-json\/wp\/v2\/pages\/6909","targetHints":{"allow":["GET"]}}],"collection":[{"href":"https:\/\/niroflex.de\/es\/wp-json\/wp\/v2\/pages"}],"about":[{"href":"https:\/\/niroflex.de\/es\/wp-json\/wp\/v2\/types\/page"}],"author":[{"embeddable":true,"href":"https:\/\/niroflex.de\/es\/wp-json\/wp\/v2\/users\/1"}],"replies":[{"embeddable":true,"href":"https:\/\/niroflex.de\/es\/wp-json\/wp\/v2\/comments?post=6909"}],"version-history":[{"count":7,"href":"https:\/\/niroflex.de\/es\/wp-json\/wp\/v2\/pages\/6909\/revisions"}],"predecessor-version":[{"id":17990,"href":"https:\/\/niroflex.de\/es\/wp-json\/wp\/v2\/pages\/6909\/revisions\/17990"}],"wp:attachment":[{"href":"https:\/\/niroflex.de\/es\/wp-json\/wp\/v2\/media?parent=6909"}],"curies":[{"name":"wp","href":"https:\/\/api.w.org\/{rel}","templated":true}]}}